{"id":5301,"date":"2024-12-10T10:00:22","date_gmt":"2024-12-10T09:00:22","guid":{"rendered":"https:\/\/www.inederm.com\/?page_id=5301"},"modified":"2024-12-10T10:00:30","modified_gmt":"2024-12-10T09:00:30","slug":"precancer-cutaneo-queratosis-actinica-bowen","status":"publish","type":"page","link":"https:\/\/www.inederm.com\/es\/precancer-cutaneo-queratosis-actinica-bowen\/","title":{"rendered":"Prec\u00e1ncer cut\u00e1neo (queratosis act\u00ednica, bowen&#8230;)"},"content":{"rendered":"<p>[et_pb_section fb_built=&#8221;1&#8243; _builder_version=&#8221;4.17.0&#8243; _module_preset=&#8221;default&#8221; custom_padding=&#8221;30px||0px||false|false&#8221; global_colors_info=&#8221;{}&#8221;][et_pb_row column_structure=&#8221;1_3,1_3,1_3&#8243; use_custom_gutter=&#8221;on&#8221; gutter_width=&#8221;4&#8243; make_equal=&#8221;on&#8221; _builder_version=&#8221;4.17.0&#8243; _module_preset=&#8221;default&#8221; global_colors_info=&#8221;{}&#8221;][et_pb_column type=&#8221;1_3&#8243; _builder_version=&#8221;4.17.0&#8243; _module_preset=&#8221;default&#8221; global_colors_info=&#8221;{}&#8221;][et_pb_text _builder_version=&#8221;4.17.0&#8243; _module_preset=&#8221;default&#8221; text_font=&#8221;Rubik|300|||||||&#8221; header_3_font=&#8221;||||||||&#8221; header_3_font_size=&#8221;34px&#8221; header_4_text_color=&#8221;#00BEBE&#8221; header_4_font_size=&#8221;24px&#8221; custom_padding=&#8221;30px||||false|false&#8221; border_width_top=&#8221;3px&#8221; border_color_top=&#8221;#00BEBE&#8221; global_colors_info=&#8221;{}&#8221;]<\/p>\n<h3 style=\"padding-bottom: 30px;\">Prec\u00e1ncer cut\u00e1neo (queratosis act\u00ednica, bowen&#8230;)<\/h3>\n<h4>\u00bfQu\u00e9 es?<\/h4>\n<p>Las lesiones de prec\u00e1ncer cut\u00e1neo son anomal\u00edas en la piel que tienen potencial de convertirse en c\u00e1ncer, entre ellas la queratosis act\u00ednica (causada por exposici\u00f3n solar prolongada) y la enfermedad de Bowen, una forma de carcinoma in situ. Estos cambios son generalmente visibles como manchas escatosas o enrojecidas en \u00e1reas expuestas al sol, como la cara o el cuello.<\/p>\n<p>[\/et_pb_text][\/et_pb_column][et_pb_column type=&#8221;1_3&#8243; _builder_version=&#8221;4.17.0&#8243; _module_preset=&#8221;default&#8221; global_colors_info=&#8221;{}&#8221;][et_pb_text _builder_version=&#8221;4.17.0&#8243; _module_preset=&#8221;default&#8221; text_font=&#8221;Rubik|300|||||||&#8221; header_3_font=&#8221;||||||||&#8221; header_3_font_size=&#8221;34px&#8221; header_4_text_color=&#8221;#00BEBE&#8221; header_4_font_size=&#8221;24px&#8221; custom_padding=&#8221;30px||||false|false&#8221; border_width_top=&#8221;3px&#8221; border_color_top=&#8221;#00BEBE&#8221; global_colors_info=&#8221;{}&#8221;]<\/p>\n<h4>Tratamiento<\/h4>\n<p>Se pueden tratar mediante crioterapia, curetaje, l\u00e1ser, o con la aplicaci\u00f3n de cremas t\u00f3picas para eliminar las c\u00e9lulas anormales. En algunos casos, se puede optar por la cirug\u00eda para extirpar las lesiones m\u00e1s grandes o persistentes.<\/p>\n<h4>Resultados y recuperaci\u00f3n<\/h4>\n<p>Con el tratamiento adecuado, se puede evitar la progresi\u00f3n hacia un c\u00e1ncer invasivo. Los pacientes deben seguir controles dermatol\u00f3gicos regulares para asegurar la detecci\u00f3n precoz de nuevas lesiones. La protecci\u00f3n solar y reducir la exposici\u00f3n a rayos UV son medidas preventivas importantes.<\/p>\n<p>[\/et_pb_text][\/et_pb_column][et_pb_column type=&#8221;1_3&#8243; _builder_version=&#8221;4.17.0&#8243; _module_preset=&#8221;default&#8221; global_colors_info=&#8221;{}&#8221;][et_pb_image src=&#8221;https:\/\/www.inederm.com\/wp-content\/uploads\/2024\/12\/precancer-cutaneo-.webp&#8221; alt=&#8221;Prec\u00e1ncer cut\u00e1neo &#8221; title_text=&#8221;precancer-cutaneo&#8221; _builder_version=&#8221;4.18.0&#8243; _module_preset=&#8221;default&#8221; custom_margin=&#8221;||29px|||&#8221; hover_enabled=&#8221;0&#8243; border_width_top=&#8221;3px&#8221; border_color_top=&#8221;#00BEBE&#8221; global_colors_info=&#8221;{}&#8221; sticky_enabled=&#8221;0&#8243;][\/et_pb_image][\/et_pb_column][\/et_pb_row][\/et_pb_section][et_pb_section fb_built=&#8221;1&#8243; _builder_version=&#8221;4.17.0&#8243; _module_preset=&#8221;default&#8221; custom_margin=&#8221;60px||||false|false&#8221; custom_padding=&#8221;0px||||false|false&#8221; locked=&#8221;off&#8221; global_colors_info=&#8221;{}&#8221;][et_pb_row column_structure=&#8221;2_5,3_5&#8243; _builder_version=&#8221;4.17.0&#8243; _module_preset=&#8221;default&#8221; max_width=&#8221;100%&#8221; custom_margin=&#8221;0px|0px|0px|0px|false|true&#8221; custom_padding=&#8221;0px|0px|0px|0px|true|true&#8221; custom_css_main_element=&#8221;display:flex;||align-items: center;&#8221; global_colors_info=&#8221;{}&#8221; custom_css_main_element_last_edited=&#8221;on|tablet&#8221; custom_css_main_element_tablet=&#8221;display:block;&#8221; custom_css_main_element_phone=&#8221;display:block;&#8221;][et_pb_column type=&#8221;2_5&#8243; _builder_version=&#8221;4.17.0&#8243; _module_preset=&#8221;default&#8221; custom_padding=&#8221;10px|10px|10px|10px|true|true&#8221; global_colors_info=&#8221;{}&#8221; custom_css_main_element_last_edited=&#8221;on|tablet&#8221; custom_css_main_element_tablet=&#8221;width:100% !important;&#8221; custom_css_main_element_phone=&#8221;width:100% !important;&#8221;][et_pb_text _builder_version=&#8221;4.17.0&#8243; _module_preset=&#8221;default&#8221; text_font=&#8221;Rubik|300|||||||&#8221; link_text_color=&#8221;#00BEBE&#8221; header_3_font=&#8221;|600||on|||||&#8221; header_3_font_size=&#8221;32px&#8221; header_3_line_height=&#8221;1.1em&#8221; max_width=&#8221;400px&#8221; module_alignment=&#8221;right&#8221; module_alignment_tablet=&#8221;left&#8221; module_alignment_phone=&#8221;left&#8221; module_alignment_last_edited=&#8221;on|tablet&#8221; global_colors_info=&#8221;{}&#8221;]<\/p>\n<h3>AGENDAR UNA CITA<\/h3>\n<p>Acn\u00e9, dermatitis, manchas, ros\u00e1cea&#8230; Programa una consulta, deja que los profesionales te aconsejen y resuelve tus dudas. Tambi\u00e9n existe la opci\u00f3n de <strong>consulta virtual de pago<\/strong> por parte de un especialista dermatol\u00f3gico.<\/p>\n<p>&nbsp;<\/p>\n<p><a class=\"boton-inicio-reserva\" href=\"https:\/\/inederm.simplybook.it\/v2\/#book\/count\/1\/\" target=\"_blank\" rel=\"noopener\">Pedir Cita Previa<\/a>[\/et_pb_text][\/et_pb_column][et_pb_column type=&#8221;3_5&#8243; _builder_version=&#8221;4.17.0&#8243; _module_preset=&#8221;default&#8221; global_colors_info=&#8221;{}&#8221; custom_css_main_element_last_edited=&#8221;on|tablet&#8221; custom_css_main_element_tablet=&#8221;width:100% !important;&#8221; custom_css_main_element_phone=&#8221;width:100% !important;&#8221;][et_pb_image src=&#8221;http:\/\/www.inederm.com\/wp-content\/uploads\/2022\/04\/reserva-24-7-1.jpg&#8221; title_text=&#8221;reserva 24-7&#8243; force_fullwidth=&#8221;on&#8221; _builder_version=&#8221;4.17.0&#8243; _module_preset=&#8221;default&#8221; global_colors_info=&#8221;{}&#8221;][\/et_pb_image][\/et_pb_column][\/et_pb_row][\/et_pb_section]<\/p>\n","protected":false},"excerpt":{"rendered":"<p>Prec\u00e1ncer cut\u00e1neo (queratosis act\u00ednica, bowen&#8230;) \u00bfQu\u00e9 es? Las lesiones de prec\u00e1ncer cut\u00e1neo son anomal\u00edas en la piel que tienen potencial de convertirse en c\u00e1ncer, entre ellas la queratosis act\u00ednica (causada por exposici\u00f3n solar prolongada) y la enfermedad de Bowen, una forma de carcinoma in situ. Estos cambios son generalmente visibles como manchas escatosas o enrojecidas [&hellip;]<\/p>\n","protected":false},"author":1,"featured_media":0,"parent":0,"menu_order":0,"comment_status":"closed","ping_status":"closed","template":"","meta":{"_et_pb_use_builder":"on","_et_pb_old_content":"","_et_gb_content_width":"","inline_featured_image":false,"footnotes":""},"class_list":["post-5301","page","type-page","status-publish","hentry"],"_links":{"self":[{"href":"https:\/\/www.inederm.com\/es\/wp-json\/wp\/v2\/pages\/5301","targetHints":{"allow":["GET"]}}],"collection":[{"href":"https:\/\/www.inederm.com\/es\/wp-json\/wp\/v2\/pages"}],"about":[{"href":"https:\/\/www.inederm.com\/es\/wp-json\/wp\/v2\/types\/page"}],"author":[{"embeddable":true,"href":"https:\/\/www.inederm.com\/es\/wp-json\/wp\/v2\/users\/1"}],"replies":[{"embeddable":true,"href":"https:\/\/www.inederm.com\/es\/wp-json\/wp\/v2\/comments?post=5301"}],"version-history":[{"count":3,"href":"https:\/\/www.inederm.com\/es\/wp-json\/wp\/v2\/pages\/5301\/revisions"}],"predecessor-version":[{"id":5311,"href":"https:\/\/www.inederm.com\/es\/wp-json\/wp\/v2\/pages\/5301\/revisions\/5311"}],"wp:attachment":[{"href":"https:\/\/www.inederm.com\/es\/wp-json\/wp\/v2\/media?parent=5301"}],"curies":[{"name":"wp","href":"https:\/\/api.w.org\/{rel}","templated":true}]}}